{"id":1416,"date":"2023-04-25T21:10:28","date_gmt":"2023-04-25T18:10:28","guid":{"rendered":"https:\/\/ewsistemasti.com.br\/wpress\/?page_id=1416"},"modified":"2026-02-04T15:10:31","modified_gmt":"2026-02-04T12:10:31","slug":"certificado-digital","status":"publish","type":"page","link":"https:\/\/ewsistemasti.com.br\/wpress\/certificado-digital\/","title":{"rendered":"Certificado Digital"},"content":{"rendered":"<p>[et_pb_section fb_built=&#8221;1&#8243; custom_padding_last_edited=&#8221;off|desktop&#8221; admin_label=&#8221;Hero&#8221; _builder_version=&#8221;4.16&#8243; use_background_color_gradient=&#8221;on&#8221; background_color_gradient_direction=&#8221;60deg&#8221; background_color_gradient_stops=&#8221;#8834fd 0%|#c756ec 100%&#8221; background_color_gradient_start=&#8221;#8834fd&#8221; background_color_gradient_end=&#8221;#c756ec&#8221; custom_padding=&#8221;100px|0px|0px|0px&#8221; box_shadow_style=&#8221;preset7&#8243; box_shadow_horizontal=&#8221;0px&#8221; box_shadow_vertical=&#8221;-100px&#8221; box_shadow_color=&#8221;#ffffff&#8221; global_colors_info=&#8221;{}&#8221;][et_pb_row column_structure=&#8221;1_2,1_2&#8243; _builder_version=&#8221;4.16&#8243; custom_padding=&#8221;|||&#8221; global_colors_info=&#8221;{}&#8221;][et_pb_column type=&#8221;1_2&#8243; _builder_version=&#8221;4.16&#8243; custom_padding=&#8221;||60px|&#8221; global_colors_info=&#8221;{}&#8221; custom_padding__hover=&#8221;|||&#8221;][et_pb_text _builder_version=&#8221;4.20.4&#8243; text_font=&#8221;||||||||&#8221; header_font=&#8221;|600||on|||||&#8221; header_font_size=&#8221;14px&#8221; background_layout=&#8221;dark&#8221; max_width=&#8221;550px&#8221; module_alignment=&#8221;center&#8221; custom_margin=&#8221;|||&#8221; custom_padding=&#8221;|||&#8221; global_colors_info=&#8221;{}&#8221;]<\/p>\n<h1>Ew Sistemas TI<\/h1>\n<p>[\/et_pb_text][et_pb_text _builder_version=&#8221;4.16&#8243; text_font=&#8221;Open Sans|600|||||||&#8221; text_font_size=&#8221;16px&#8221; text_line_height=&#8221;1.8em&#8221; header_font=&#8221;||||||||&#8221; header_2_font=&#8221;Poppins||||||||&#8221; header_2_font_size=&#8221;36px&#8221; header_2_line_height=&#8221;1.4em&#8221; background_layout=&#8221;dark&#8221; max_width=&#8221;550px&#8221; module_alignment=&#8221;center&#8221; global_colors_info=&#8221;{}&#8221;]<\/p>\n<h2>Certificado Digital<\/h2>\n<p>Compre seu certificado digital com a Ew Sistemas TI Ltda. Certificado para pessoa f\u00edsica ou jur\u00eddica, com validade de um a tr\u00eas anos.<\/p>\n<p>[\/et_pb_text][\/et_pb_column][et_pb_column type=&#8221;1_2&#8243; _builder_version=&#8221;4.16&#8243; custom_padding=&#8221;|||&#8221; global_colors_info=&#8221;{}&#8221; custom_padding__hover=&#8221;|||&#8221;][et_pb_cta title=&#8221;Certificado Digital&#8221; button_url=&#8221;https:\/\/certbr.gfsis.com.br\/gestaofacil\/loja\/index?local=500&#038;indicacao=784516&#038;videoconferencia=sim&#038;ocultarValidacao=sim&#8221; url_new_window=&#8221;on&#8221; button_text=&#8221;Saiba Mais&#8230;&#8221; _builder_version=&#8221;4.24.2&#8243; header_font=&#8221;Poppins|600||on|||||&#8221; header_font_size=&#8221;14px&#8221; header_line_height=&#8221;1.8em&#8221; body_font=&#8221;Open Sans||||||||&#8221; body_font_size=&#8221;16px&#8221; body_line_height=&#8221;1.8em&#8221; background_color=&#8221;#ffffff&#8221; custom_button=&#8221;on&#8221; button_text_size=&#8221;14px&#8221; button_text_color=&#8221;#ffffff&#8221; button_bg_color=&#8221;#6a5aff&#8221; button_border_width=&#8221;8px&#8221; button_border_color=&#8221;#6a5aff&#8221; button_border_radius=&#8221;100px&#8221; button_letter_spacing=&#8221;1px&#8221; button_font=&#8221;Poppins|600||on|||||&#8221; button_use_icon=&#8221;off&#8221; button_alignment=&#8221;left&#8221; text_orientation=&#8221;left&#8221; background_layout=&#8221;light&#8221; max_width=&#8221;87%&#8221; max_width_tablet=&#8221;&#8221; max_width_phone=&#8221;&#8221; max_width_last_edited=&#8221;on|desktop&#8221; custom_padding=&#8221;|||&#8221; animation_style=&#8221;slide&#8221; animation_direction=&#8221;top&#8221; animation_intensity_slide=&#8221;10%&#8221; animation_starting_opacity=&#8221;80%&#8221; hover_enabled=&#8221;0&#8243; border_radii=&#8221;on|10px|10px|10px|10px&#8221; box_shadow_style=&#8221;preset3&#8243; box_shadow_vertical=&#8221;31px&#8221; box_shadow_blur=&#8221;40px&#8221; box_shadow_color=&#8221;rgba(11,9,26,0.1)&#8221; locked=&#8221;off&#8221; global_colors_info=&#8221;{}&#8221; button_text_size__hover_enabled=&#8221;off&#8221; button_one_text_size__hover_enabled=&#8221;off&#8221; button_two_text_size__hover_enabled=&#8221;off&#8221; button_text_color__hover_enabled=&#8221;off&#8221; button_one_text_color__hover_enabled=&#8221;off&#8221; button_two_text_color__hover_enabled=&#8221;off&#8221; button_border_width__hover_enabled=&#8221;off&#8221; button_one_border_width__hover_enabled=&#8221;off&#8221; button_two_border_width__hover_enabled=&#8221;off&#8221; button_border_color__hover_enabled=&#8221;off&#8221; button_one_border_color__hover_enabled=&#8221;off&#8221; button_two_border_color__hover_enabled=&#8221;off&#8221; button_border_radius__hover_enabled=&#8221;off&#8221; button_one_border_radius__hover_enabled=&#8221;off&#8221; button_two_border_radius__hover_enabled=&#8221;off&#8221; button_letter_spacing__hover_enabled=&#8221;off&#8221; button_one_letter_spacing__hover_enabled=&#8221;off&#8221; button_two_letter_spacing__hover_enabled=&#8221;off&#8221; button_bg_color__hover_enabled=&#8221;off&#8221; button_one_bg_color__hover_enabled=&#8221;off&#8221; button_two_bg_color__hover_enabled=&#8221;off&#8221; sticky_enabled=&#8221;0&#8243;]<\/p>\n<p><strong>Produto:<\/strong> Certificado Digital.<br \/><strong>Validade:<\/strong> de 01 a 03 anos<br \/><strong>Parceiro Autorizado:<\/strong> Ew Sistemas TI Ltda.<\/p>\n<p><span>Visando \u00e0 comodidade de nossos clientes, a Ew Sistemas TI est\u00e1 a partir de abril\/23 comercializando Certificados Digitais, seja para pessoa jur\u00eddica ou f\u00edsica. Basta nos chamar no Whatsapp no canto inferior esquerdo deste site. N\u00f3s vamos lhe atender.<\/span><\/p>\n<p>[\/et_pb_cta][\/et_pb_column][\/et_pb_row][\/et_pb_section][et_pb_section fb_built=&#8221;1&#8243; admin_label=&#8221;Overview&#8221; _builder_version=&#8221;4.16&#8243; custom_padding=&#8221;100px|0px|100px|0px&#8221; global_colors_info=&#8221;{}&#8221;][et_pb_row column_structure=&#8221;1_2,1_2&#8243; _builder_version=&#8221;4.16&#8243; global_colors_info=&#8221;{}&#8221;][et_pb_column type=&#8221;1_2&#8243; _builder_version=&#8221;4.16&#8243; custom_padding=&#8221;|||&#8221; global_colors_info=&#8221;{}&#8221; custom_padding__hover=&#8221;|||&#8221;][et_pb_text _builder_version=&#8221;4.16&#8243; text_font=&#8221;||||||||&#8221; text_font_size=&#8221;16px&#8221; text_line_height=&#8221;1.8em&#8221; header_font=&#8221;||||||||&#8221; header_2_font=&#8221;Poppins||||||||&#8221; header_2_text_color=&#8221;#2c3238&#8243; header_2_font_size=&#8221;28px&#8221; header_2_line_height=&#8221;1.4em&#8221; header_3_font=&#8221;||||||||&#8221; max_width=&#8221;700px&#8221; module_alignment=&#8221;center&#8221; global_colors_info=&#8221;{}&#8221;]<\/p>\n<h2>Certificado Digital<\/h2>\n<p>\u00c9 um arquivo eletr\u00f4nico que funciona como se fosse uma assinatura digital, com validade jur\u00eddica, e que garante prote\u00e7\u00e3o \u00e0s transa\u00e7\u00f5es eletr\u00f4nicas e outros servi\u00e7os via internet, de maneira que pessoas (f\u00edsicas e jur\u00eddicas) se identifiquem e assinem digitalmente, de qualquer lugar do mundo, com mais seguran\u00e7a e agilidade.<\/p>\n<p>A Certifica\u00e7\u00e3o Digital, nos dias de hoje, traduz o que h\u00e1 de mais moderno em termos de seguran\u00e7a para proteger informa\u00e7\u00f5es trocadas no ambiente virtual. Sua tecnologia foi desenvolvida especificamente para oferecer seguran\u00e7a, autenticidade, confidencialidade e integridade \u00e0s informa\u00e7\u00f5es eletr\u00f4nicas. \u00c9 como se fosse uma carteira de identidade eletr\u00f4nica que garante a identidade das partes envolvidas.<\/p>\n<p>[\/et_pb_text][\/et_pb_column][et_pb_column type=&#8221;1_2&#8243; _builder_version=&#8221;4.16&#8243; custom_padding=&#8221;|||&#8221; global_colors_info=&#8221;{}&#8221; custom_padding__hover=&#8221;|||&#8221;][et_pb_image src=&#8221;https:\/\/ewsistemasti.com.br\/wpress\/wp-content\/uploads\/2019\/11\/app-marketing-illustration-03.png&#8221; align_tablet=&#8221;center&#8221; align_phone=&#8221;center&#8221; align_last_edited=&#8221;on|desktop&#8221; _builder_version=&#8221;4.16&#8243; animation_style=&#8221;slide&#8221; animation_direction=&#8221;left&#8221; animation_intensity_slide=&#8221;10%&#8221; global_colors_info=&#8221;{}&#8221;][\/et_pb_image][\/et_pb_column][\/et_pb_row][\/et_pb_section][et_pb_section fb_built=&#8221;1&#8243; admin_label=&#8221;Testimonial&#8221; _builder_version=&#8221;4.16&#8243; use_background_color_gradient=&#8221;on&#8221; background_color_gradient_direction=&#8221;60deg&#8221; background_color_gradient_stops=&#8221;#8834fd 0%|#c756ec 100%&#8221; background_color_gradient_start=&#8221;#8834fd&#8221; background_color_gradient_end=&#8221;#c756ec&#8221; custom_padding=&#8221;100px|0px|100px|0px&#8221; global_colors_info=&#8221;{}&#8221;][et_pb_row column_structure=&#8221;1_3,1_3,1_3&#8243; module_class=&#8221; et_pb_row_fullwidth&#8221; _builder_version=&#8221;4.16&#8243; width=&#8221;89%&#8221; width_tablet=&#8221;80%&#8221; width_phone=&#8221;80%&#8221; width_last_edited=&#8221;on|desktop&#8221; max_width=&#8221;89%&#8221; max_width_tablet=&#8221;80%&#8221; max_width_phone=&#8221;80%&#8221; max_width_last_edited=&#8221;on|desktop&#8221; make_fullwidth=&#8221;on&#8221; global_colors_info=&#8221;{}&#8221;][et_pb_column type=&#8221;1_3&#8243; _builder_version=&#8221;4.16&#8243; custom_padding=&#8221;|||&#8221; global_colors_info=&#8221;{}&#8221; custom_padding__hover=&#8221;|||&#8221;][et_pb_text _builder_version=&#8221;4.20.4&#8243; _module_preset=&#8221;default&#8221; background_layout=&#8221;dark&#8221; global_colors_info=&#8221;{}&#8221;]<\/p>\n<h1>Obrigatoriedade<\/h1>\n<p>[\/et_pb_text][\/et_pb_column][et_pb_column type=&#8221;1_3&#8243; _builder_version=&#8221;4.16&#8243; custom_padding=&#8221;|||&#8221; global_colors_info=&#8221;{}&#8221; custom_padding__hover=&#8221;|||&#8221;][et_pb_text _builder_version=&#8221;4.20.4&#8243; _module_preset=&#8221;default&#8221; background_layout=&#8221;dark&#8221; global_colors_info=&#8221;{}&#8221;]<\/p>\n<ul>\n<li>Nota Fiscal Eletr\u00f4nica \u2013 NF-e;<\/li>\n<li>Nota Fiscal de Consumidor Eletr\u00f4nica \u2013 NFC-e;<\/li>\n<li>Nota Fiscal Avulsa Eletr\u00f4nica \u2013 NFA-e;<\/li>\n<li>Nota Fiscal de Servi\u00e7os Eletr\u00f4nica \u2013 NFS-e<\/li>\n<li>Conhecimento de Transporte Eletr\u00f4nico \u2013 CT-e;<\/li>\n<li>Documentos Fiscais Eletr\u00f4nicos \u2013 DF-e.<\/li>\n<li>Receita Federal: CAGED, DIRF, PERDCOMP, DACON, DBF, DCIDE, DCP, DEREX, DCTF, CRED, DIF, DIMOB, DIMOF, DIPI-TIP, DNF, DSPJ, DTTA, e-CAC, Homolognet, RAIS, SICONFI, SIL, Leil\u00f5es eletr\u00f4nicos;<\/li>\n<li>SEFAZ: NF-e, NFA-e, NFC-e, NFS-e, CT-e, DF-e;<\/li>\n<li>Governo: SISCONSIG;<\/li>\n<li>Sa\u00fade: DMED, TISS;<\/li>\n<li>MEC: PROUNI;<\/li>\n<li>Seguran\u00e7a Privada: GESP;<\/li>\n<li>Detran: e-CNHsp;<\/li>\n<li>Setor P\u00fablico: ITR, DERC;<\/li>\n<li>SPED: ECD, EFD, ECF, eSocial;<\/li>\n<li>Caixa Econ\u00f4mica: FGTS, e-APS, Conectividade Social ICP;<\/li>\n<li>Zona Franca de Manaus: SUFRAMA;<\/li>\n<li>Parcelamento eletr\u00f4nico online de d\u00e9bitos Pessoas Jur\u00eddicas;<\/li>\n<li>Retifica\u00e7\u00e3o do DARF;<\/li>\n<li>Provis\u00e3o de Procura\u00e7\u00e3o Eletr\u00f4nica;<\/li>\n<li>Assinatura de e-mails, documentos e contratos digitais da Pessoa Jur\u00eddica;<\/li>\n<li>Per\u00edcia Judicial;<\/li>\n<li>Justi\u00e7a: PJ-e, e-DOC, e-PET, e-STJ<\/li>\n<li>Siscomex (com\u00e9rcio exterior);<\/li>\n<li>Provis\u00e3o de Procura\u00e7\u00e3o Eletr\u00f4nica;<\/li>\n<li>Assinatura de e-mails, documentos e contratos digitais da Pessoa F\u00edsica, al\u00e9m de Prontu\u00e1rio Eletr\u00f4nico de Paciente (PEP);<\/li>\n<li>Dentre outros servi\u00e7os.<\/li>\n<\/ul>\n<p>[\/et_pb_text][\/et_pb_column][et_pb_column type=&#8221;1_3&#8243; _builder_version=&#8221;4.16&#8243; custom_padding=&#8221;|||&#8221; global_colors_info=&#8221;{}&#8221; custom_padding__hover=&#8221;|||&#8221;][\/et_pb_column][\/et_pb_row][\/et_pb_section][et_pb_section fb_built=&#8221;1&#8243; disabled_on=&#8221;off|off|off&#8221; admin_label=&#8221;Problem and Solution&#8221; _builder_version=&#8221;4.16&#8243; background_color=&#8221;#fafafc&#8221; custom_padding=&#8221;100px|0px|100px|0px&#8221; global_colors_info=&#8221;{}&#8221;][et_pb_row column_structure=&#8221;1_2,1_2&#8243; _builder_version=&#8221;4.16&#8243; custom_margin=&#8221;2%|||&#8221; global_colors_info=&#8221;{}&#8221;][et_pb_column type=&#8221;1_2&#8243; _builder_version=&#8221;4.16&#8243; custom_padding=&#8221;|||&#8221; global_colors_info=&#8221;{}&#8221; custom_padding__hover=&#8221;|||&#8221;][et_pb_text _builder_version=&#8221;4.16&#8243; text_font=&#8221;||||||||&#8221; text_text_color=&#8221;#&#8221; text_font_size=&#8221;16px&#8221; text_line_height=&#8221;1.8em&#8221; header_font=&#8221;||||||||&#8221; header_2_font=&#8221;Poppins||||||||&#8221; header_2_font_size=&#8221;28px&#8221; header_2_line_height=&#8221;1.4em&#8221; header_3_font=&#8221;||||||||&#8221; max_width=&#8221;700px&#8221; module_alignment=&#8221;center&#8221; global_colors_info=&#8221;{}&#8221;]<\/p>\n<h2>Pessoa F\u00edsica<\/h2>\n<p>A pessoa f\u00edsica n\u00e3o pode ser representada por procurador.<\/p>\n<p>Conforme determina a Resolu\u00e7\u00e3o CG ICP-Brasil n\u00b0 42\/2006, item 3.1.9) onde pro\u00edbe a utiliza\u00e7\u00e3o de qualquer tipo de procura\u00e7\u00e3o para representar o titular do certificado, sendo assim, o pr\u00f3prio interessado em adquirir o certificado \u00e9 quem dever\u00e1 comparecer pessoalmente perante \u00e0 Autoridade de Registro.<\/p>\n<p><strong>Documentos obrigat\u00f3rios a serem apresentados<\/strong><\/p>\n<p>\u00a0 \u00a0 \u00a0 \u00a0\u00a0\u00a0 (original sem rasuras e em perfeito estado de conserva\u00e7\u00e3o):<\/p>\n<p><strong>CPF \u2013 O nome apresentado no CPF dever\u00e1 ser o mesmo do documento de identidade apresentado.<\/strong><\/p>\n<ul>\n<li>CPF e C\u00e9dula de Identidade v\u00e1lida em todo Territ\u00f3rio Nacional que podem ser:<\/li>\n<li>Preferencialmente a Carteira Nacional de Habilita\u00e7\u00e3o \u2013 CNH, ou<\/li>\n<li>Passaporte Brasileiro.<\/li>\n<li>Na falta destes apresentar RG (em caso de RG infantil, deve ser apresentado outro documento de\u00a0identifica\u00e7\u00e3o emitido a menos de cinco anos), ou<\/li>\n<li>Carteira Profissional.<\/li>\n<li>Estrangeiros domiciliados no Brasil dever\u00e3o apresentar tamb\u00e9m a Carteira Nacional de Estrangeiro \u2013 CNE<\/li>\n<\/ul>\n<p><strong>Comprovante de resid\u00eancia recente (at\u00e9 3 meses)<\/strong><\/p>\n<ul>\n<li>Deve estar no nome do titular do certificado<\/li>\n<li>Ser\u00e3o aceitas contas de concession\u00e1rias de servi\u00e7o p\u00fablico (luz, \u00e1gua, telefonia fixa e m\u00f3vel)<\/li>\n<\/ul>\n<p><strong>PIS\/PASEP (opcional)<\/strong><\/p>\n<ul>\n<li>Obrigat\u00f3rio para acessar os servi\u00e7os de Conectividade Social da CAIXA por usu\u00e1rio outorgado ou substabelecido pela empresa<\/li>\n<\/ul>\n<p><strong>Para consulta do PIS acesse os sites abaixo:<\/strong><\/p>\n<ul>\n<li><a href=\"http:\/\/www3.dataprev.gov.br\/cws\/contexto\/captchar\/index_cipost2.html\">http:\/\/www3.dataprev.gov.br\/cws\/contexto\/captchar\/index_cipost2.html<\/a><\/li>\n<li><a href=\"http:\/\/www1.dataprev.gov.br\/cadint\/sp2cgi.exe?sp2application=cadint\">http:\/\/www1.dataprev.gov.br\/cadint\/sp2cgi.exe?sp2application=cadint<\/a><\/li>\n<\/ul>\n<p><strong>CEI \u2013 Cadastro espec\u00edfico do INSS (opcional)<\/strong><\/p>\n<ul>\n<li>Obrigat\u00f3rio para acessar os servi\u00e7os de Conectividade Social da CAIXA por empregador pessoa f\u00edsica<\/li>\n<\/ul>\n<p>Para consulta do CEI:\u00a0<a href=\"http:\/\/www3.dataprev.gov.br\/cws\/contexto\/captchar\/index_salEmpresa2.html\">http:\/\/www3.dataprev.gov.br\/cws\/contexto\/captchar\/index_salEmpresa2.html<\/a><\/p>\n<p>&nbsp;<\/p>\n<p>[\/et_pb_text][\/et_pb_column][et_pb_column type=&#8221;1_2&#8243; _builder_version=&#8221;4.16&#8243; custom_padding=&#8221;|||&#8221; global_colors_info=&#8221;{}&#8221; custom_padding__hover=&#8221;|||&#8221;][et_pb_text _builder_version=&#8221;4.16&#8243; text_font=&#8221;||||||||&#8221; text_text_color=&#8221;#&#8221; text_font_size=&#8221;16px&#8221; text_line_height=&#8221;1.8em&#8221; header_font=&#8221;||||||||&#8221; header_2_font=&#8221;Poppins||||||||&#8221; header_2_font_size=&#8221;28px&#8221; header_2_line_height=&#8221;1.4em&#8221; header_3_font=&#8221;||||||||&#8221; max_width=&#8221;700px&#8221; module_alignment=&#8221;center&#8221; global_colors_info=&#8221;{}&#8221;]<\/p>\n<h2>Pessoa Jur\u00eddica<\/h2>\n<p><strong>Cart\u00e3o do CNPJ emitido atrav\u00e9s do site da RFB \u2013 Receita Federal do Brasil;<\/strong><\/p>\n<p><strong>Ato constitutivo do CNPJ que pode ser um dos documentos abaixo:<\/strong><\/p>\n<ul>\n<li>Requerimento de Empres\u00e1rio para empresa individual ou;<\/li>\n<li>Certificado de microempreendedor ou;<\/li>\n<li>Contrato Social da empresa ou;<\/li>\n<li>Estatuto Social e ata de elei\u00e7\u00e3o dos atuais administradores ou;<\/li>\n<li>\u00d3rg\u00e3o P\u00fablico \u2013 Ato legal de Constitui\u00e7\u00e3o de cria\u00e7\u00e3o do \u00f3rg\u00e3o p\u00fablico (decreto, lei) e ato de\u00a0nomea\u00e7\u00e3o\/termo de posse do representante legal publicado oficialmente;<\/li>\n<li>A c\u00f3pia de documento disponibilizado pelo site da JUNTA COMERCIAL dever\u00e1 conter os\u00a0c\u00f3digos\/protocolos para valida\u00e7\u00e3o do mesmo.<\/li>\n<\/ul>\n<p><strong>Condom\u00ednios: Conforme determinado na IN\u00ba 02 de 09 de agosto de 2011, publicado pelo ITI.<\/strong><\/p>\n<ul>\n<li>Ata da Assembl\u00e9ia Condominial que escolheu o s\u00edndico, acompanhado da lista dos participantes da elei\u00e7\u00e3o, sendo obrigat\u00f3rio a participa\u00e7\u00e3o de ao menos um propriet\u00e1rio de im\u00f3vel localizado no condom\u00ednio, como a comprova\u00e7\u00e3o de sua propriedade e firma reconhecida na referida ata<\/li>\n<li>Conven\u00e7\u00e3o emitida\u00a0e registrada ap\u00f3s a vig\u00eancia do novo C\u00f3digo Civil (art. 1332 e ss)<\/li>\n<li>Documentos de testamento ou a escritura p\u00fablica \/ particular de institui\u00e7\u00e3o, ou\u00a0certid\u00e3o do instrumento de individualiza\u00e7\u00e3o do condom\u00ednio emitida pelo Cart\u00f3rio de\u00a0Registro de Im\u00f3veis de sua localiza\u00e7\u00e3o<\/li>\n<li>Documenta\u00e7\u00e3o original do(s) representantes legais da pessoa jur\u00eddica<\/li>\n<\/ul>\n<p>Obs: Caso no estatuto, contrato social ou documento equivalente do CNPJ, conste que o\u00a0representante legal do CNPJ n\u00e3o possa assinar isoladamente, ser\u00e1 necess\u00e1rio que as pessoas\u00a0citadas neste documento como representantes legais compare\u00e7am para valida\u00e7\u00e3o presencial de\u00a0posse de seus documentos.<\/p>\n<p><strong>CPF e C\u00e9dula de Identidade v\u00e1lida em todo Territ\u00f3rio Nacional que podem ser:<\/strong><\/p>\n<ul>\n<li>Preferencialmente a Carteira Nacional de Habilita\u00e7\u00e3o \u2013 CNH n\u00e3o vencida, ou\u00a0Passaporte Brasileiro.<\/li>\n<li>Na falta destes apresentar RG (em caso de RG infantil, deve ser apresentado outro documento de\u00a0identifica\u00e7\u00e3o emitido a menos de cinco anos), ou<\/li>\n<li>Carteira Profissional.<\/li>\n<li>Estrangeiros domiciliados no Brasil dever\u00e3o apresentar tamb\u00e9m a Carteira Nacional de Estrangeiro \u2013 CNE<\/li>\n<\/ul>\n<p><strong>Comprovante de resid\u00eancia recente (at\u00e9 3 meses) em nome do titular do certificado.<\/strong><\/p>\n<ul>\n<li><strong>Ser\u00e3o aceitas contas de concession\u00e1rias de servi\u00e7o p\u00fablico (Luz, \u00c1gua, Telefonia fixa e m\u00f3vel).<\/strong><\/li>\n<\/ul>\n<p><strong>Procurador<\/strong><\/p>\n<p>A emiss\u00e3o de certificado em nome de procurador \u00e9 admitida apenas se o ato constitutivo da pessoa jur\u00eddica\u00a0(contrato\/ estatuto) prever expressamente tal possibilidade, (exceto empresas individuais e MEI) devendo-se, para\u00a0tanto, revestir-se da forma p\u00fablica com poderes espec\u00edficos para atuar perante ICP-Brasil e com data de emiss\u00e3o de\u00a0at\u00e9 90 dias (item 3.1.1.1, al\u00ednea \u201ca\u201d, item i do DOC-ICP-05).<\/p>\n<p>&nbsp;<\/p>\n<p>[\/et_pb_text][\/et_pb_column][\/et_pb_row][et_pb_row _builder_version=&#8221;4.20.4&#8243; _module_preset=&#8221;default&#8221; global_colors_info=&#8221;{}&#8221;][et_pb_column type=&#8221;4_4&#8243; _builder_version=&#8221;4.20.4&#8243; _module_preset=&#8221;default&#8221; global_colors_info=&#8221;{}&#8221;][et_pb_button url_new_window=&#8221;on&#8221; button_text=&#8221;Pe\u00e7a Agora&#8221; button_alignment=&#8221;center&#8221; _builder_version=&#8221;4.24.2&#8243; _module_preset=&#8221;default&#8221; custom_button=&#8221;on&#8221; button_text_color=&#8221;#8300E9&#8243; hover_enabled=&#8221;0&#8243; global_colors_info=&#8221;{}&#8221; button_url=&#8221;https:\/\/certbr.gfsis.com.br\/gestaofacil\/loja\/index?local=500&#038;indicacao=784516&#038;videoconferencia=sim&#038;ocultarValidacao=sim&#8221; sticky_enabled=&#8221;0&#8243;][\/et_pb_button][\/et_pb_column][\/et_pb_row][\/et_pb_section][et_pb_section fb_built=&#8221;1&#8243; admin_label=&#8221;Get Started&#8221; _builder_version=&#8221;4.16&#8243; use_background_color_gradient=&#8221;on&#8221; background_color_gradient_direction=&#8221;60deg&#8221; background_color_gradient_stops=&#8221;#8834fd 0%|#c756ec 100%&#8221; background_color_gradient_start=&#8221;#8834fd&#8221; background_color_gradient_end=&#8221;#c756ec&#8221; custom_padding=&#8221;100px|0px|100px|0px&#8221; global_colors_info=&#8221;{}&#8221;][et_pb_row _builder_version=&#8221;4.16&#8243; custom_padding=&#8221;|||&#8221; locked=&#8221;off&#8221; global_colors_info=&#8221;{}&#8221;][et_pb_column type=&#8221;4_4&#8243; _builder_version=&#8221;4.16&#8243; custom_padding=&#8221;|||&#8221; global_colors_info=&#8221;{}&#8221; custom_padding__hover=&#8221;|||&#8221;][et_pb_text _builder_version=&#8221;4.16&#8243; text_font=&#8221;|600|||||||&#8221; text_font_size=&#8221;16px&#8221; text_line_height=&#8221;1.8em&#8221; header_font=&#8221;||||||||&#8221; header_2_font=&#8221;Poppins||||||||&#8221; header_2_font_size=&#8221;28px&#8221; header_2_line_height=&#8221;1.4em&#8221; header_3_font=&#8221;||||||||&#8221; text_orientation=&#8221;center&#8221; background_layout=&#8221;dark&#8221; max_width=&#8221;700px&#8221; module_alignment=&#8221;center&#8221; global_colors_info=&#8221;{}&#8221;]<\/p>\n<h2>Fale Conoso<\/h2>\n<h2><span style=\"font-size: 18px; font-family: 'Open Sans', Arial, sans-serif;\">Entrar em contato com um de nossos especialistas para receber informa\u00e7\u00f5es adicionais sobre o Certificado Digital.<\/span><\/h2>\n<p>&nbsp;<\/p>\n<p>[\/et_pb_text][et_pb_button button_url=&#8221;https:\/\/wa.me\/556140420701&#8243; button_text=&#8221;Chamar WhatsApp&#8221; button_alignment=&#8221;center&#8221; _builder_version=&#8221;4.20.4&#8243; custom_button=&#8221;on&#8221; button_text_size=&#8221;14px&#8221; button_border_width=&#8221;2px&#8221; button_border_radius=&#8221;6px&#8221; button_letter_spacing=&#8221;1px&#8221; button_font=&#8221;Poppins|600||on|||||&#8221; button_use_icon=&#8221;off&#8221; background_layout=&#8221;dark&#8221; custom_margin=&#8221;|||&#8221; custom_padding=&#8221;20px|30px|20px|30px&#8221; animation_style=&#8221;fade&#8221; button_letter_spacing_hover=&#8221;1px&#8221; global_colors_info=&#8221;{}&#8221; button_text_size__hover_enabled=&#8221;off&#8221; button_one_text_size__hover_enabled=&#8221;off&#8221; button_two_text_size__hover_enabled=&#8221;off&#8221; button_text_color__hover_enabled=&#8221;off&#8221; button_one_text_color__hover_enabled=&#8221;off&#8221; button_two_text_color__hover_enabled=&#8221;off&#8221; button_border_width__hover_enabled=&#8221;off&#8221; button_one_border_width__hover_enabled=&#8221;off&#8221; button_two_border_width__hover_enabled=&#8221;off&#8221; button_border_color__hover_enabled=&#8221;off&#8221; button_one_border_color__hover_enabled=&#8221;off&#8221; button_two_border_color__hover_enabled=&#8221;off&#8221; button_border_radius__hover_enabled=&#8221;off&#8221; button_one_border_radius__hover_enabled=&#8221;off&#8221; button_two_border_radius__hover_enabled=&#8221;off&#8221; button_letter_spacing__hover_enabled=&#8221;on&#8221; button_letter_spacing__hover=&#8221;1px&#8221; button_one_letter_spacing__hover_enabled=&#8221;off&#8221; button_two_letter_spacing__hover_enabled=&#8221;off&#8221; button_bg_color__hover_enabled=&#8221;off&#8221; button_one_bg_color__hover_enabled=&#8221;off&#8221; button_two_bg_color__hover_enabled=&#8221;off&#8221;][\/et_pb_button][\/et_pb_column][\/et_pb_row][et_pb_row _builder_version=&#8221;4.20.4&#8243; _module_preset=&#8221;default&#8221; global_colors_info=&#8221;{}&#8221;][et_pb_column type=&#8221;4_4&#8243; _builder_version=&#8221;4.20.4&#8243; _module_preset=&#8221;default&#8221; global_colors_info=&#8221;{}&#8221;][\/et_pb_column][\/et_pb_row][\/et_pb_section][et_pb_section fb_built=&#8221;1&#8243; admin_label=&#8221;Try it Free&#8221; _builder_version=&#8221;4.16&#8243; background_color=&#8221;#000000&#8243; custom_padding=&#8221;100px|0px|100px|0px&#8221; global_colors_info=&#8221;{}&#8221;][et_pb_row column_structure=&#8221;1_3,1_3,1_3&#8243; _builder_version=&#8221;4.20.4&#8243; _module_preset=&#8221;default&#8221; global_colors_info=&#8221;{}&#8221;][et_pb_column type=&#8221;1_3&#8243; _builder_version=&#8221;4.20.4&#8243; _module_preset=&#8221;default&#8221; global_colors_info=&#8221;{}&#8221;][\/et_pb_column][et_pb_column type=&#8221;1_3&#8243; _builder_version=&#8221;4.20.4&#8243; _module_preset=&#8221;default&#8221; global_colors_info=&#8221;{}&#8221;][et_pb_image src=&#8221;https:\/\/ewsistemasti.com.br\/wpress\/wp-content\/uploads\/2019\/06\/logo-ewsistemas-ti-new-1.png&#8221; title_text=&#8221;logo ewsistemas ti new&#8221; _builder_version=&#8221;4.20.4&#8243; _module_preset=&#8221;default&#8221; global_colors_info=&#8221;{}&#8221;][\/et_pb_image][\/et_pb_column][et_pb_column type=&#8221;1_3&#8243; _builder_version=&#8221;4.20.4&#8243; _module_preset=&#8221;default&#8221; global_colors_info=&#8221;{}&#8221;][\/et_pb_column][\/et_pb_row][et_pb_row _builder_version=&#8221;4.20.4&#8243; _module_preset=&#8221;default&#8221; global_colors_info=&#8221;{}&#8221;][et_pb_column type=&#8221;4_4&#8243; _builder_version=&#8221;4.20.4&#8243; _module_preset=&#8221;default&#8221; global_colors_info=&#8221;{}&#8221;][et_pb_text _builder_version=&#8221;4.20.4&#8243; _module_preset=&#8221;default&#8221; background_layout=&#8221;dark&#8221; global_colors_info=&#8221;{}&#8221;]<\/p>\n<h1 style=\"text-align: center;\">Telefone: (61) 4042-0701<\/h1>\n<h1 style=\"text-align: center;\">comercial@ewsistemasti.com.br<\/h1>\n<p>[\/et_pb_text][\/et_pb_column][\/et_pb_row][\/et_pb_section]<\/p>\n","protected":false},"excerpt":{"rendered":"<p>Ew Sistemas TICertificado Digital Compre seu certificado digital com a Ew Sistemas TI Ltda. Certificado para pessoa f\u00edsica ou jur\u00eddica, com validade de um a tr\u00eas anos.Produto: Certificado Digital.Validade: de 01 a 03 anosParceiro Autorizado: Ew Sistemas TI Ltda. Visando \u00e0 comodidade de nossos clientes, a Ew Sistemas TI est\u00e1 a partir de abril\/23 comercializando [&hellip;]<\/p>\n","protected":false},"author":1,"featured_media":0,"parent":0,"menu_order":0,"comment_status":"closed","ping_status":"closed","template":"","meta":{"_et_pb_use_builder":"on","_et_pb_old_content":"","_et_gb_content_width":"","_joinchat":[],"footnotes":""},"class_list":["post-1416","page","type-page","status-publish","hentry"],"_links":{"self":[{"href":"https:\/\/ewsistemasti.com.br\/wpress\/wp-json\/wp\/v2\/pages\/1416","targetHints":{"allow":["GET"]}}],"collection":[{"href":"https:\/\/ewsistemasti.com.br\/wpress\/wp-json\/wp\/v2\/pages"}],"about":[{"href":"https:\/\/ewsistemasti.com.br\/wpress\/wp-json\/wp\/v2\/types\/page"}],"author":[{"embeddable":true,"href":"https:\/\/ewsistemasti.com.br\/wpress\/wp-json\/wp\/v2\/users\/1"}],"replies":[{"embeddable":true,"href":"https:\/\/ewsistemasti.com.br\/wpress\/wp-json\/wp\/v2\/comments?post=1416"}],"version-history":[{"count":20,"href":"https:\/\/ewsistemasti.com.br\/wpress\/wp-json\/wp\/v2\/pages\/1416\/revisions"}],"predecessor-version":[{"id":1927,"href":"https:\/\/ewsistemasti.com.br\/wpress\/wp-json\/wp\/v2\/pages\/1416\/revisions\/1927"}],"wp:attachment":[{"href":"https:\/\/ewsistemasti.com.br\/wpress\/wp-json\/wp\/v2\/media?parent=1416"}],"curies":[{"name":"wp","href":"https:\/\/api.w.org\/{rel}","templated":true}]}}